{"id":11640,"date":"2012-10-23T22:00:22","date_gmt":"2012-10-23T20:00:22","guid":{"rendered":"http:\/\/www.simpleplan.cz\/cz\/?page_id=11640"},"modified":"2023-06-26T09:30:17","modified_gmt":"2023-06-26T07:30:17","slug":"simple-plan-the-official-story","status":"publish","type":"page","link":"https:\/\/www.simpleplan.cz\/cz\/index.php\/kapela\/simple-plan-the-official-story\/","title":{"rendered":"Simple Plan: The Official Story"},"content":{"rendered":"<div class=\"pagecontent\"><img decoding=\"async\" style=\"margin: 6px;\" src=\"http:\/\/www.simpleplan.cz\/images\/spbook.gif\" alt=\"\" align=\"left\" \/><\/p>\n<p><b>N\u00e1zev:<\/b> Simple Plan: The Official Story \/ Simple Plan: L&#8217;Histoire Officielle<\/p>\n<p><b>D\u0159\u00edve zn\u00e1m\u00e1 jako:<\/b> fotokniha, kniha na konferen\u010dn\u00ed stolek, SP kniha<br \/>\n<b>Verze:<\/b> francouzsk\u00e1 a anglick\u00e1<\/p>\n<p><b>Datum vyd\u00e1n\u00ed (francouzsk\u00e1 verze):<\/b> 8. listopadu 2012<br \/>\n<b>Datum vyd\u00e1n\u00ed (anglick\u00e1 verze):<\/b> 22. listopadu 2012<\/p>\n<p><b>Text:<\/b> Kathleen Lavoie<\/p>\n<p><b>Grafick\u00e1 \u00faprava:<\/b> Fred Jerome<\/p>\n<p><b>Fotografie:<\/b> Patrick Langlois, Sim Klugerman, Mark Staubach a Chady Awad<\/p>\n<p><\/p>\n<div class=\"girls\">\n<b><u>Objednejte si SP knihu!<\/u><\/b><\/div>\n<p><b>Merchdirect<\/b>: <a href=\"http:\/\/simpleplan.merchdirect.com\/products\/52019-the-official-story\" target=\"_blank\" rel=\"noopener\">anglicky<\/a> ($34.99)<\/p>\n<p><b>Amazon.ca<\/b>:  <a href=\"http:\/\/www.amazon.ca\/SIMPLE-VERSION-ANGLAISE-KATHLEEN-LAVOIE\/dp\/2897051531\/ref=pd_rhf_dp_p_t_1\" target=\"_blank\" rel=\"noopener\">anglicky<\/a> | <a href=\"http:\/\/www.amazon.ca\/SIMPLE-PLAN-LAVOIE-KATHLEEN\/dp\/2897050519\/ref=sr_1_1?s=books&#038;ie=UTF8&#038;qid=1352193162&#038;sr=1-1\" target=\"_blank\" rel=\"noopener\">francouzsky<\/a> <\/p>\n<div class=\"girls\">\n<b><u>Zaj\u00edmavosti:<\/u><\/b><\/div>\n<p>&#8211; kniha m\u00e1 304 stran<br \/>\n&#8211; 10% z ceny z ka\u017ed\u00e9 knihy bude v\u011bnov\u00e1na Simple Plan Foundation<\/p>\n<div class=\"girls\">\n<b><u>Recenze SimplePlan.cz<\/u><\/b><\/div>\n<p><center><a href=\"http:\/\/www.simpleplan.cz\/cz\/index.php\/recenze-simple-plan-the-official-story-od-simpleplan-cz\/\" title=\"Recenze \u201cSimple Plan: The Official Story\u201d od SimplePlan.cz\" target=\"_blank\" rel=\"noopener\"><img decoding=\"async\" src=\"http:\/\/www.simpleplan.cz\/images\/spbookrev1.gif\"\/><\/a><\/center><\/p>\n<div class=\"girls\">\n<b><u>Jak se z fotoknihy stala opravdov\u00e1 kniha<\/u><\/b><\/div>\n<p><b>\u00dapln\u011b prvn\u00ed zm\u00ednky o &#8222;fotoknize&#8220; se za\u010daly objevovat n\u011bkdy kolem roku 2005<\/b>, kdy m\u011bli Simple Plan vyd\u00e1na ji\u017e dv\u011b alba a v z\u00e1sob\u011b m\u011bli tis\u00edce fotografi\u00ed, aby je n\u011bkdy v budoucnu pou\u017eili na fotoknihu, kter\u00e1 by t\u00edmto dokumentovala jejich kari\u00e9ru. <\/p>\n<p>Na podzim roku 2006 se Patrick se Sebastienem poprv\u00e9 ve sv\u00e9m r\u00e1diov\u00e9m po\u0159adu Man Of The Hour o t\u00e9to &#8222;obr\u00e1zkov\u00e9 knize&#8220; zm\u00ednili s t\u00edm, \u017ee u\u017e jsou ve fin\u00e1ln\u00edch f\u00e1z\u00edch jej\u00ed tvorby:<\/p>\n<blockquote><p>Patrick: <i>&#8222;V posledn\u00edch letech jsme se Simple Plan celkem hodn\u011b cestovali a j\u00e1 jsem po\u0159\u00e1d n\u011bco fotografoval. A tento rok jsme si uv\u011bdomili, \u017ee m\u00e1me obrovsk\u00e9 mno\u017estv\u00ed fotografi\u00ed.&#8220;<\/i><\/p>\n<p>Seb: <i>Oprav m\u011b, jestli se pletu, ale nebylo to n\u011bco <b>okolo 20 000?&#8220;<\/b><\/i><\/p>\n<p>Patrick: <i>&#8222;Jo, proch\u00e1zeli jsme na 20 000 fotografi\u00ed a po\u0159\u00e1d jsme je redukovali a redukovali, a\u017e n\u00e1m z toho zbylo n\u011bkolik fotografi\u00ed, kter\u00e9 perfektn\u011b reprezentovaly posledn\u00edch \u0161est let a <b>je \u00fa\u017easn\u00e9, jak ka\u017ed\u00e1 z t\u011bch fotek vypr\u00e1v\u00ed ur\u010dit\u00fd p\u0159\u00edb\u011bh. A kdy\u017e ho n\u00e1hodou nevypr\u00e1v\u00ed, tak ho dopln\u00edme textem, tak\u017ee te\u010f pracujeme na takov\u00e9 obr\u00e1zkov\u00e9 knize, je to takov\u00e1 kniha na konferen\u010dn\u00ed stolek a bude obsahovat historii Simple Plan v obr\u00e1zc\u00edch<\/b>: doslova od dob p\u0159ed \u0161esti lety, kdy jste je\u0161t\u011b ani nem\u011bli nahr\u00e1vac\u00ed spole\u010dnost&#8230;&#8220;<\/i><\/p>\n<p>Seb: <i>&#8222;A\u017e do doby p\u0159ed n\u011bkolika t\u00fddny, kdy jsme odehr\u00e1li n\u011bkolik koncert\u016f.&#8220;<\/i><\/p>\n<p>Patrick: <i>&#8222;Jo. V\u00e1\u017en\u011b, posledn\u00ed fotka je z leto\u0161n\u00edho l\u00e9ta. A u\u017e brzy.. <b>Te\u010f tu knihu zrovna dokon\u010dujeme, tak\u017ee m\u00e1me deadliny a v\u011bci, kter\u00e9 mus\u00edme dokon\u010dit<\/b> &#8211; a na tom jsme pr\u00e1v\u011b pracovali cel\u00e9 l\u00e9to a Sebastien n\u00e1m s t\u00edm pom\u00e1hal.&#8220;<\/i><\/p>\n<p>Seb: <i>&#8222;Jo, proto\u017ee jsi na tom pracoval v dom\u011b m\u00e9ho souseda &#8211; Freda (Jerome), kter\u00e9ho jsme ji\u017e d\u0159\u00edve zm\u00ednili.<\/i><\/p>\n<p>Patrick: <i>&#8222;A Chuck za n\u00e1mi taky chodil, koukal n\u00e1m p\u0159es rameno a pom\u00e1hal n\u00e1m se v\u0161emi t\u011bmi texty a fotkami a v\u0161\u00edm.. vlastn\u011b v\u0161ichni n\u00e1m pom\u00e1hali. U\u017e se na to moc t\u011b\u0161\u00edm! P\u0159ijde mi, \u017ee jsem na tom pracoval cel\u00e9 l\u00e9to a te\u010f kone\u010dn\u011b o tom m\u016f\u017eu mluvit, a to i p\u0159esto, \u017ee ta kniha je\u0161t\u011b n\u011bjakou dobu nevyjde, proto\u017ee j\u00ed je\u0161t\u011b mus\u00edme dokon\u010dit. Je to tak trochu jako nahr\u00e1vat album: dokon\u010d\u00ed\u010d ho, ale st\u00e1le ho je\u0161t\u011b mus\u00ed\u0161 spracovat a zajistit, aby bylo dostupn\u00e9 v obchodech a tak r\u016fzn\u011b. <b>Ale za\u010d\u00e1tkem 2007 bude tahle skv\u011bl\u00e1 fotokniha Simple Plan venku<\/b> a my douf\u00e1me, \u017ee si j\u00ed po\u0159\u00edd\u00edte.&#8220;<\/i><br \/>\n<center> &#8211; Man Of The Hour (s01e09) &#8211; <\/center><\/p><\/blockquote>\n<p>Nicm\u00e9n\u011b \u010das b\u011b\u017eel a \u010das od \u010dasu se fanou\u0161ci zaj\u00edmali, jak to v\u016fbec s tou slibovanou fotoknihou bude. Amanda, kter\u00e1 vedla tehdy jednu z nejv\u011bt\u0161\u00edch fanstr\u00e1nek &#8211; <b>SimplePlanOnline.com &#8211; se Chucka na &#8222;fotoknihu&#8220;<\/b> zeptala na z\u00e1v\u011br jej\u00edho <a href=\"http:\/\/www.youtube.com\/watch?v=kAQ-UyAZJ7k&#038;t=3m48s\">rozhovoru s kapelou<\/a> v srpnu 2007 a v t\u00e9 dob\u011b byla kniha podle Chucka ji\u017e &#8222;t\u00e9m\u011b\u0159 hotova&#8220;:<\/p>\n<blockquote><p><i>&#8222;St\u00e1le je\u0161t\u011b na n\u00ed pracujeme. Chceme, aby vy\u0161la, a\u017e n\u00e1m vyjde dal\u0161\u00ed album. To je n\u00e1\u0161 pl\u00e1n. <b>Pracovali jsme na n\u00ed hodn\u011b minul\u00fd rok.<\/b> Fred, n\u00e1\u0161 grafik, Patrick a j\u00e1 jsme na n\u00ed hodn\u011b pracovali a vypad\u00e1 skv\u011ble &#8211; fotky jsou \u00fa\u017easn\u00e9 a <b>u\u017e jsme mo\u017en\u00e1 tak jen n\u011bkolik t\u00fddn\u016f od toho, abychom ji dokon\u010dili, mo\u017en\u00e1 u\u017e jen takov\u00fd m\u011bs\u00edc na vypilov\u00e1n\u00ed, abychom se ujistili, \u017ee je skv\u011bl\u00e1<\/b>. Pak u\u017e p\u016fjde jen do tisk\u00e1rny a vy ji budete moci dr\u017eet v rukou! A\u017e vyjde dal\u0161\u00ed album.&#8220;<\/i><br \/>\n<center> &#8211; Chuck Comeau &#8211; <\/center><\/p><\/blockquote>\n<p>Dal\u0161\u00ed zm\u00ednku o fotoknize m\u016f\u017eeme nal\u00e9zt v rozhovoru pro <a href=\"http:\/\/www.rocklouder.co.uk\/interviews\/article\/Simple-Plan\" target=\"_blank\" rel=\"noopener\">RockLouder.co.uk<\/a> z prosince 2007, <b>kde je na n\u00ed dot\u00e1z\u00e1n David<\/b>:<\/p>\n<blockquote><p><i>&#8222;No jasn\u011b, <b>na tom u\u017e pracujeme fakt hodn\u011b dlouho<\/b> a mysl\u00edm si, \u017ee n\u011bkdy p\u0159\u00ed\u0161t\u00ed rok, nebo tak n\u011bjak u\u017e bude hotov\u00e1 a budete ji moci m\u00edt v rukou. Zrovna ned\u00e1vno jsem vid\u011bl jej\u00ed hrubou verzi a jsou tam fakt moc, moc dobr\u00e9 sn\u00edmky. Bude v\u00e1\u017en\u011b hodn\u011b zaj\u00edmav\u00e1!&#8220;<\/i><br \/>\n<center> &#8211; David Desrosiers &#8211; <\/center><\/p><\/blockquote>\n<p>I p\u0159esto ale v \u00fanoru 2008 vy\u0161lo Simple Plan jejich t\u0159et\u00ed &#8211; eponymn\u00ed &#8211; album a fotokniha st\u00e1le nikde. V prosinci 2009 b\u011bhem <a href=\"http:\/\/www.simpleplan.cz\/cz\/index.php\/videochat-s-pierrem-a-chuckem\/\" target=\"_blank\" rel=\"noopener\">\u017eiv\u00e9ho webchatu Chucka a Pierra<\/a> fanou\u0161ky napadlo se na knihu op\u011bt dot\u00e1zat, a <b>toto tehdy \u0159ekl Chuck<\/b>:<\/p>\n<blockquote><p><i>&#8222;U\u017e hodn\u011b dlouho mluv\u00edme o tom, \u017ee jednou vyd\u00e1me knihu and vlastn\u011b <b>zrovna ned\u00e1vno jsme o tom zase za\u010dali mluvit!<\/b> Patrick, ikdy\u017e u\u017e je se svou kari\u00e9rou n\u011bkde trochu jinde, n\u00e1m chce st\u00e1le s touto knihou pomoci, proto\u017ee jsou to v\u0161echno jeho fotky. Tak\u017ee si mysl\u00edm, \u017ee se <b>mo\u017en\u00e1 pokus\u00edme ud\u011blat n\u011bco speci\u00e1ln\u00edho a\u017e vyjde na\u0161e nov\u00e1 deska. To je n\u00e1\u0161 nov\u00fd pl\u00e1n.<\/b> Mo\u017en\u00e1 a\u017e vyjde album, tak si budete moci t\u0159eba koupit n\u011bjakou deluxe verzi s touto knihou.&#8220;<\/I><br \/>\n<center> &#8211; Chuck Comeau &#8211; <\/center><\/p><\/blockquote>\n<p>Nicm\u00e9n\u011b v \u010dervnu 2011 vych\u00e1z\u00ed &#8222;Get Your Heart On!&#8220; a bohu\u017eel po \u017e\u00e1dn\u00e9 deluxe verzi s fotoknihou st\u00e1le ani pam\u00e1tky. V z\u00e1\u0159\u00ed 2011 m\u011blo SimplePlan.cz ale op\u011bt mo\u017enost ud\u011blat s kapelou  <a href=\"http:\/\/www.youtube.com\/watch?v=RiVHPZTc8jg&#038;t=16m40s\" target=\"_blank\" rel=\"noopener\">rozhovor<\/a> a nemohla jsem se nezeptat na to, jak to s tou fotoknihou vypad\u00e1 te\u010f. <b>Chuck \u0159ekl, \u017ee to sice trv\u00e1 trochu d\u00e9le, ne\u017e \u010dekal, ale opravdu moc chce, aby se to jednou povedlo a kniha byla vyd\u00e1na.<\/b><\/p>\n<p>Potom u\u017e to trvalo jen p\u00e1r m\u011bs\u00edc\u016f, ne\u017e v b\u0159eznu 2012 Simple Plan oslavili 10. v\u00fdro\u010d\u00ed od vyd\u00e1n\u00ed sv\u00e9ho debutov\u00e9ho alba a kone\u010dn\u011b se za\u010dalo kolem &#8222;fotoknihy&#8220; n\u011bco d\u00edt. V rozhovoru, kter\u00fd Chuck podal str\u00e1nce <a href=\"http:\/\/www.simpleplan.cz\/cz\/index.php\/chuck-o-planech-simple-plan-na-rok-2012-a-jeho-ohlednuti-na-vznik-kapely\/\" title=\"Chuck o pl\u00e1nech Simple Plan na rok 2012 a jeho ohl\u00e9dnut\u00ed na vznik kapely\" target=\"_blank\" rel=\"noopener\">AlterThePress<\/a>, mluv\u00ed trochu bl\u00ed\u017ee o tom, jak by cht\u011bla kapela sv\u00e9 10. v\u00fdro\u010d\u00ed oslavit &#8211; a to v\u010detn\u011b slibovan\u00e9 fotoknihy:<\/p>\n<blockquote><p><i>&#8222;Pracujeme na fotoknize, kter\u00e1 bude dokumentac\u00ed historie kapely a m\u011bla by m\u00edt p\u0159es 250 str\u00e1nek. Po\u0159izovali jsme fotografie od prvn\u00edho dne a te\u010f m\u00e1me p\u0159es 30 000 fotek a je to \u0161\u00edlen\u00e9, kolik v\u011bc\u00ed m\u00e1me ze z\u00e1kulis\u00ed a \u017eivota v autobuse a mysl\u00edm si, \u017ee chceme d\u00e1t dohromady n\u011bco n\u00e1dhern\u00e9ho, co by p\u0159ipomn\u011blo historii t\u00e9to kapely. Je to m\u016fj projekt, na kter\u00fd mysl\u00edm u\u017e hodn\u011b dlouho a tentokr\u00e1t u\u017e se s n\u00edm kone\u010dn\u011b n\u011bco d\u011bje.&#8220;<\/i><br \/>\n<center> &#8211; Chuck Comeau &#8211; <\/center><\/p><\/blockquote>\n<p>Kone\u010dn\u011b v kv\u011btnu 2012 se <b>tomuto projektu ofici\u00e1ln\u011b p\u0159est\u00e1v\u00e1 \u0159\u00edkat &#8222;fotokniha&#8220;, nebo\u0165 bylo rozhodnuto, \u017ee to bude n\u011bco mnohem v\u00edc &#8211; a to opravdov\u00e1 kniha<\/b> &#8211; dostupn\u00e1 v angli\u010dtin\u011b a ve francouz\u0161tin\u011b (ale i tak bude obsahovat velk\u00e9 mno\u017estv\u00ed fotografi\u00ed). Bylo <a href=\"http:\/\/www.simpleplan.cz\/cz\/index.php\/fotokniha-simple-plan-vyjde-v-listopadu-2012\/\" title=\"\u201cFotokniha\u201d Simple Plan vyjde v listopadu 2012!\" target=\"_blank\" rel=\"noopener\">ozn\u00e1meno<\/a>, \u017ee <b>kniha (kter\u00e1 bude m\u00edt na 300 str\u00e1nek) bude vyd\u00e1na v listopadu 2012<\/b>, m\u00edstn\u00edm vydavatelstv\u00edm La Presse a krom\u011b fotografi\u00ed bude obsahovat tak\u00e9 <b>kompletn\u00ed historii kapely (napsanou  Kathleen Lavoie) a tak\u00e9 velk\u00e9 mno\u017estv\u00ed zaj\u00edmav\u00fdch uk\u00e1zek dopis\u016f fanou\u0161k\u016f, backstage pass\u016f a dal\u0161\u00edch v\u011bc\u00ed, kter\u00e9 si kapela schovala na 10 let sv\u00e9 kari\u00e9ry.<\/b><\/p>\n<p>Den po vyd\u00e1n\u00ed tiskov\u00e9 zpr\u00e1vy ohledn\u011b data vyd\u00e1n\u00ed knihy Chuck, jako\u017eto hlavn\u00ed inici\u00e1tor tohoto projektu, se o knize trochu rozpov\u00eddal na Twitteru:<\/p>\n<blockquote><p><i>&#8222;Jsem z tohoto projektu tak nad\u0161en\u00fd! <b>V\u00e1\u017en\u011b, neuv\u011b\u0159\u00edte, co v\u0161echno jsme si ve sv\u00fdch arch\u00edvech schovali! Vlastnoru\u010dn\u011b psan\u00e9 dopisy a texty p\u00edsn\u00ed, letenky, backstage passy, demo verze atd<\/b>. Na\u0161i p\u0159\u00e1tel\u00e9 Patrick, Sim, Chady a Mark Staubach nafotili p\u0159es 30 000 fotografi\u00ed na p\u00f3diu i mimo n\u011bj. Je tak t\u011b\u017ek\u00e9 z nich vyb\u00edrat!&#8220;<\/i><br \/>\n<center> &#8211; Chuck Comeau &#8211; <\/center><\/p><\/blockquote>\n<p>Chuck a Fred pot\u00e9 na knize velmi d\u016fkladn\u011b pracovali dal\u0161\u00edch n\u011bkolik m\u011bs\u00edc\u016f, dnem i noc\u00ed &#8211; dokonce i ve dnech, kdy m\u011bli Simple Plan b\u011bhem sv\u00e9ho jihoamerick\u00e9ho turn\u00e9 volno. Jednoho dne v \u0159\u00edjnu 2012 Chuck napsal na Twitter:<\/p>\n<blockquote><p><i>&#8222;Po\u0159\u00e1d v\u00e1\u017en\u011b tvrd\u011b pracujeme na na\u0161\u00ed SP knize! V\u00e1\u017en\u011b, tohle je ten <b>nejv\u011bt\u0161\u00ed, nejv\u00edc cti\u017e\u00e1dostiv\u00fd a nejt\u011b\u017e\u0161\u00ed projekt, jak\u00e9ho jsem byl kdy sou\u010d\u00e1st\u00ed<\/b>. Budete ji milovat! Vlili jsme do n\u00ed na\u0161e srdce a du\u0161e! Bude to n\u011bco, co jednoho dne uk\u00e1\u017eu sv\u00fdm d\u011btem! &#8222;<\/i><br \/>\n<center> &#8211; Chuck Comeau &#8211; <\/center><\/p><\/blockquote>\n<p>V \u0159\u00edjnu 2012, p\u0159ed za\u010d\u00e1tkem koncertu v Rio de Janeiru, b\u011bhem \u017eiv\u00e9ho p\u0159enosu <b>Pierre poprv\u00e9 <a href=\"http:\/\/www.simpleplan.cz\/cz\/index.php\/pierre-odhalil-nazev-nadchazejici-knihy-simple-plan\/\" title=\"Pierre odhalil n\u00e1zev nadch\u00e1zej\u00edc\u00ed knihy Simple Plan!\" target=\"_blank\" rel=\"noopener\">odhalil<\/a>, \u017ee kniha ponese n\u00e1zev &#8222;Simple Plan: The Official Story&#8220;<\/b> a brzy pot\u00e9 se kniha ji\u017e kone\u010dn\u011b za\u010dala objevovat na str\u00e1nk\u00e1ch kanadsk\u00fdch knihkupectv\u00ed, s datem vyd\u00e1n\u00ed pro francouzskou verzi: <b>8. listopadu 2012<\/b>. <\/div>\n<div class=\"fblikebutton_button\" style=\"float: left; padding-top: 20px; margin-right: 20px; padding-bottom: 20px; padding-left: 20px;\"><iframe src=\"http:\/\/www.facebook.com\/plugins\/like.php?href=https%3A%2F%2Fwww.simpleplan.cz%2Fcz%2Findex.php%2Fkapela%2Fsimple-plan-the-official-story%2F&amp;layout=standard&amp;show-faces=false&amp;width=450&amp;action=like&amp;colorscheme=light\" scrolling=\"no\" frameborder=\"0\" allowTransparency=\"true\" style=\"border:none; overflow:hidden; width:450px; height:26px\"><\/iframe><\/div>\n","protected":false},"excerpt":{"rendered":"<p>N\u00e1zev: Simple Plan: The Official Story \/ Simple Plan: L&#8217;Histoire Officielle D\u0159\u00edve zn\u00e1m\u00e1 jako: fotokniha,<\/p>\n","protected":false},"author":5,"featured_media":0,"parent":5237,"menu_order":0,"comment_status":"open","ping_status":"open","template":"page-templates\/full-width.php","meta":{"footnotes":""},"yoast_head":"<!-- This site is optimized with the Yoast SEO plugin v20.9 - https:\/\/yoast.com\/wordpress\/plugins\/seo\/ -->\n<title>Simple Plan: The Official Story | CZ: SimplePlan.cz<\/title>\n<meta name=\"robots\" content=\"index, follow, max-snippet:-1, max-image-preview:large, max-video-preview:-1\" \/>\n<link rel=\"canonical\" href=\"https:\/\/www.simpleplan.cz\/cz\/index.php\/kapela\/simple-plan-the-official-story\/\" \/>\n<meta property=\"og:locale\" content=\"cs_CZ\" \/>\n<meta property=\"og:type\" content=\"article\" \/>\n<meta property=\"og:title\" content=\"Simple Plan: The Official Story | CZ: SimplePlan.cz\" \/>\n<meta property=\"og:description\" content=\"N\u00e1zev: Simple Plan: The Official Story \/ Simple Plan: L&#8217;Histoire Officielle D\u0159\u00edve zn\u00e1m\u00e1 jako: fotokniha,\" \/>\n<meta property=\"og:url\" content=\"https:\/\/www.simpleplan.cz\/cz\/index.php\/kapela\/simple-plan-the-official-story\/\" \/>\n<meta property=\"og:site_name\" content=\"CZ: SimplePlan.cz\" \/>\n<meta property=\"article:publisher\" content=\"http:\/\/www.facebook.com\/simpleplancz\" \/>\n<meta property=\"article:modified_time\" content=\"2023-06-26T07:30:17+00:00\" \/>\n<meta property=\"og:image\" content=\"http:\/\/www.simpleplan.cz\/images\/spbook.gif\" \/>\n<meta name=\"twitter:card\" content=\"summary_large_image\" \/>\n<meta name=\"twitter:site\" content=\"@simpleplancz\" \/>\n<meta name=\"twitter:label1\" content=\"Odhadovan\u00e1 doba \u010dten\u00ed\" \/>\n\t<meta name=\"twitter:data1\" content=\"8 minut\" \/>\n<script type=\"application\/ld+json\" class=\"yoast-schema-graph\">{\"@context\":\"https:\/\/schema.org\",\"@graph\":[{\"@type\":\"WebPage\",\"@id\":\"https:\/\/www.simpleplan.cz\/cz\/index.php\/kapela\/simple-plan-the-official-story\/\",\"url\":\"https:\/\/www.simpleplan.cz\/cz\/index.php\/kapela\/simple-plan-the-official-story\/\",\"name\":\"Simple Plan: The Official Story | CZ: SimplePlan.cz\",\"isPartOf\":{\"@id\":\"https:\/\/www.simpleplan.cz\/cz\/#website\"},\"datePublished\":\"2012-10-23T20:00:22+00:00\",\"dateModified\":\"2023-06-26T07:30:17+00:00\",\"breadcrumb\":{\"@id\":\"https:\/\/www.simpleplan.cz\/cz\/index.php\/kapela\/simple-plan-the-official-story\/#breadcrumb\"},\"inLanguage\":\"cs\",\"potentialAction\":[{\"@type\":\"ReadAction\",\"target\":[\"https:\/\/www.simpleplan.cz\/cz\/index.php\/kapela\/simple-plan-the-official-story\/\"]}]},{\"@type\":\"BreadcrumbList\",\"@id\":\"https:\/\/www.simpleplan.cz\/cz\/index.php\/kapela\/simple-plan-the-official-story\/#breadcrumb\",\"itemListElement\":[{\"@type\":\"ListItem\",\"position\":1,\"name\":\"Dom\u016f\",\"item\":\"https:\/\/www.simpleplan.cz\/cz\/\"},{\"@type\":\"ListItem\",\"position\":2,\"name\":\"Kapela\",\"item\":\"https:\/\/www.simpleplan.cz\/cz\/index.php\/kapela\/\"},{\"@type\":\"ListItem\",\"position\":3,\"name\":\"Simple Plan: The Official Story\"}]},{\"@type\":\"WebSite\",\"@id\":\"https:\/\/www.simpleplan.cz\/cz\/#website\",\"url\":\"https:\/\/www.simpleplan.cz\/cz\/\",\"name\":\"CZ: SimplePlan.cz\",\"description\":\"Nejlep\u0161\u00ed zdroj informac\u00ed o kapele Simple Plan\",\"publisher\":{\"@id\":\"https:\/\/www.simpleplan.cz\/cz\/#organization\"},\"potentialAction\":[{\"@type\":\"SearchAction\",\"target\":{\"@type\":\"EntryPoint\",\"urlTemplate\":\"https:\/\/www.simpleplan.cz\/cz\/?s={search_term_string}\"},\"query-input\":\"required name=search_term_string\"}],\"inLanguage\":\"cs\"},{\"@type\":\"Organization\",\"@id\":\"https:\/\/www.simpleplan.cz\/cz\/#organization\",\"name\":\"CZ: SimplePlan.cz\",\"url\":\"https:\/\/www.simpleplan.cz\/cz\/\",\"logo\":{\"@type\":\"ImageObject\",\"inLanguage\":\"cs\",\"@id\":\"https:\/\/www.simpleplan.cz\/cz\/#\/schema\/logo\/image\/\",\"url\":\"https:\/\/www.simpleplan.cz\/cz\/wp-content\/uploads\/spczlogo.png\",\"contentUrl\":\"https:\/\/www.simpleplan.cz\/cz\/wp-content\/uploads\/spczlogo.png\",\"width\":250,\"height\":190,\"caption\":\"CZ: SimplePlan.cz\"},\"image\":{\"@id\":\"https:\/\/www.simpleplan.cz\/cz\/#\/schema\/logo\/image\/\"},\"sameAs\":[\"http:\/\/www.facebook.com\/simpleplancz\",\"https:\/\/twitter.com\/simpleplancz\",\"http:\/\/www.instagram.com\/simpleplancz\",\"http:\/\/www.youtube.com\/simpleplancz\"]}]}<\/script>\n<!-- \/ Yoast SEO plugin. -->","yoast_head_json":{"title":"Simple Plan: The Official Story | CZ: SimplePlan.cz","robots":{"index":"index","follow":"follow","max-snippet":"max-snippet:-1","max-image-preview":"max-image-preview:large","max-video-preview":"max-video-preview:-1"},"canonical":"https:\/\/www.simpleplan.cz\/cz\/index.php\/kapela\/simple-plan-the-official-story\/","og_locale":"cs_CZ","og_type":"article","og_title":"Simple Plan: The Official Story | CZ: SimplePlan.cz","og_description":"N\u00e1zev: Simple Plan: The Official Story \/ Simple Plan: L&#8217;Histoire Officielle D\u0159\u00edve zn\u00e1m\u00e1 jako: fotokniha,","og_url":"https:\/\/www.simpleplan.cz\/cz\/index.php\/kapela\/simple-plan-the-official-story\/","og_site_name":"CZ: SimplePlan.cz","article_publisher":"http:\/\/www.facebook.com\/simpleplancz","article_modified_time":"2023-06-26T07:30:17+00:00","og_image":[{"url":"http:\/\/www.simpleplan.cz\/images\/spbook.gif"}],"twitter_card":"summary_large_image","twitter_site":"@simpleplancz","twitter_misc":{"Odhadovan\u00e1 doba \u010dten\u00ed":"8 minut"},"schema":{"@context":"https:\/\/schema.org","@graph":[{"@type":"WebPage","@id":"https:\/\/www.simpleplan.cz\/cz\/index.php\/kapela\/simple-plan-the-official-story\/","url":"https:\/\/www.simpleplan.cz\/cz\/index.php\/kapela\/simple-plan-the-official-story\/","name":"Simple Plan: The Official Story | CZ: SimplePlan.cz","isPartOf":{"@id":"https:\/\/www.simpleplan.cz\/cz\/#website"},"datePublished":"2012-10-23T20:00:22+00:00","dateModified":"2023-06-26T07:30:17+00:00","breadcrumb":{"@id":"https:\/\/www.simpleplan.cz\/cz\/index.php\/kapela\/simple-plan-the-official-story\/#breadcrumb"},"inLanguage":"cs","potentialAction":[{"@type":"ReadAction","target":["https:\/\/www.simpleplan.cz\/cz\/index.php\/kapela\/simple-plan-the-official-story\/"]}]},{"@type":"BreadcrumbList","@id":"https:\/\/www.simpleplan.cz\/cz\/index.php\/kapela\/simple-plan-the-official-story\/#breadcrumb","itemListElement":[{"@type":"ListItem","position":1,"name":"Dom\u016f","item":"https:\/\/www.simpleplan.cz\/cz\/"},{"@type":"ListItem","position":2,"name":"Kapela","item":"https:\/\/www.simpleplan.cz\/cz\/index.php\/kapela\/"},{"@type":"ListItem","position":3,"name":"Simple Plan: The Official Story"}]},{"@type":"WebSite","@id":"https:\/\/www.simpleplan.cz\/cz\/#website","url":"https:\/\/www.simpleplan.cz\/cz\/","name":"CZ: SimplePlan.cz","description":"Nejlep\u0161\u00ed zdroj informac\u00ed o kapele Simple Plan","publisher":{"@id":"https:\/\/www.simpleplan.cz\/cz\/#organization"},"potentialAction":[{"@type":"SearchAction","target":{"@type":"EntryPoint","urlTemplate":"https:\/\/www.simpleplan.cz\/cz\/?s={search_term_string}"},"query-input":"required name=search_term_string"}],"inLanguage":"cs"},{"@type":"Organization","@id":"https:\/\/www.simpleplan.cz\/cz\/#organization","name":"CZ: SimplePlan.cz","url":"https:\/\/www.simpleplan.cz\/cz\/","logo":{"@type":"ImageObject","inLanguage":"cs","@id":"https:\/\/www.simpleplan.cz\/cz\/#\/schema\/logo\/image\/","url":"https:\/\/www.simpleplan.cz\/cz\/wp-content\/uploads\/spczlogo.png","contentUrl":"https:\/\/www.simpleplan.cz\/cz\/wp-content\/uploads\/spczlogo.png","width":250,"height":190,"caption":"CZ: SimplePlan.cz"},"image":{"@id":"https:\/\/www.simpleplan.cz\/cz\/#\/schema\/logo\/image\/"},"sameAs":["http:\/\/www.facebook.com\/simpleplancz","https:\/\/twitter.com\/simpleplancz","http:\/\/www.instagram.com\/simpleplancz","http:\/\/www.youtube.com\/simpleplancz"]}]}},"_links":{"self":[{"href":"https:\/\/www.simpleplan.cz\/cz\/index.php\/wp-json\/wp\/v2\/pages\/11640"}],"collection":[{"href":"https:\/\/www.simpleplan.cz\/cz\/index.php\/wp-json\/wp\/v2\/pages"}],"about":[{"href":"https:\/\/www.simpleplan.cz\/cz\/index.php\/wp-json\/wp\/v2\/types\/page"}],"author":[{"embeddable":true,"href":"https:\/\/www.simpleplan.cz\/cz\/index.php\/wp-json\/wp\/v2\/users\/5"}],"replies":[{"embeddable":true,"href":"https:\/\/www.simpleplan.cz\/cz\/index.php\/wp-json\/wp\/v2\/comments?post=11640"}],"version-history":[{"count":36,"href":"https:\/\/www.simpleplan.cz\/cz\/index.php\/wp-json\/wp\/v2\/pages\/11640\/revisions"}],"predecessor-version":[{"id":33102,"href":"https:\/\/www.simpleplan.cz\/cz\/index.php\/wp-json\/wp\/v2\/pages\/11640\/revisions\/33102"}],"up":[{"embeddable":true,"href":"https:\/\/www.simpleplan.cz\/cz\/index.php\/wp-json\/wp\/v2\/pages\/5237"}],"wp:attachment":[{"href":"https:\/\/www.simpleplan.cz\/cz\/index.php\/wp-json\/wp\/v2\/media?parent=11640"}],"curies":[{"name":"wp","href":"https:\/\/api.w.org\/{rel}","templated":true}]}}