{"id":17109,"date":"2015-09-28T11:05:59","date_gmt":"2015-09-28T09:05:59","guid":{"rendered":"http:\/\/www.simpleplan.cz\/cz\/?page_id=17109"},"modified":"2023-06-26T09:29:56","modified_gmt":"2023-06-26T07:29:56","slug":"i-dont-wanna-be-sad","status":"publish","type":"page","link":"https:\/\/www.simpleplan.cz\/cz\/index.php\/kapela\/diskografie\/i-dont-wanna-be-sad\/","title":{"rendered":"I Don&#8217;t Wanna Be Sad"},"content":{"rendered":"<div class=\"pagecontent\">\n<div class=\"girls\"><b><u>Z\u00e1kladn\u00ed info<\/u><\/b><\/div>\n<p><b>Album:<\/b> Taking One For The Team<br \/>\n<b>Auto\u0159i textu:<\/b> Pierre Bouvier, Chuck Comeau<br \/>\n<b>D\u00e9lka p\u00edsn\u011b:<\/b> 3:15<br \/>\n<b>Obal:<\/b> <a href=\"http:\/\/www.simpleplan.cz\/gallery\/thumbnails.php?album=2122\" target=\"_blank\" rel=\"noopener\">zde<\/a><\/p>\n<div class=\"girls\"><b><u>V\u00fdznam p\u00edsn\u011b<\/u><\/b><\/div>\n<blockquote><p><i>&#8222;Trochu jsme se tou p\u00edsn\u00ed cht\u011bli dotknout cel\u00e9ho toho, kdy\u017e je kapela ozna\u010dov\u00e1na za &#8218;emo&#8216; kapelu, a hned si o n\u00ed lid\u00e9 mysl\u00ed, \u017ee by m\u011bla b\u00fdt n\u011bjak\u00fdm zp\u016fsobem neust\u00e1le smutn\u00e1. Ale j\u00e1 si \u0159\u00edk\u00e1m: &#8218;J\u00e1 p\u0159ece nechci b\u00fdt smutn\u00fd, j\u00e1 jsem \u0161\u0165astn\u00fd!&#8216; Je to prost\u011b jin\u00fdmi slovy \u0159e\u010deno &#8218;Chci b\u00fdt \u0161\u0165astn\u00fd.'&#8220;<\/i><br \/>\n<center>&#8211; Pierre Bouvier &#8211;<\/center><\/p><\/blockquote>\n<blockquote><p><i>&#8222;Tato p\u00edse\u0148 zapo\u010dala t\u00edm, \u017ee jsme si uv\u011bdomili, \u017ee m\u00e1me hodn\u011b fanou\u0161k\u016f, kte\u0159\u00ed n\u00e1m p\u00ed\u0161\u00ed, nebo \u0159\u00edkaj\u00ed, jak moc jim na\u0161e hudba pomohla. <b>Je \u0161\u00edlen\u00e9 vid\u011bt, kolik lid\u00ed m\u00e1 ve sv\u00e9m \u017eivot\u011b n\u011bjak\u00e9 probl\u00e9my. A hudba pro n\u011b n\u011bkdy m\u016f\u017ee b\u00fdt jedin\u00fdm vysvobozen\u00edm. St\u00e1v\u00e1 se jejich v\u00edrou, t\u00edm, co je poh\u00e1n\u00ed kup\u0159edu a mysl\u00edm si, \u017ee to n\u00e1s tak\u00e9 inspirovalo jako kapelu.<\/b> Tak moc n\u00e1s dostalo, kolik lid\u00ed se vypo\u0159\u00e1d\u00e1v\u00e1 s depresemi, \u017ee jsme o tom v minulosti napsali spoustu p\u00edsn\u00ed, ale tentork\u00e1t jsme se rozhodli ji napsat z trochu jin\u00e9 perspektivy. Je to sp\u00ed\u0161 o tom, \u017ee si \u010dlov\u011bk \u0159ekne: &#8218;U\u017e se nechci c\u00edt\u00edt jako na dn\u011b, chci b\u00fdt \u0161\u0165astn\u011bj\u0161\u00ed!&#8216; Je tam tak\u00e9 trocha inspirace z p\u00edsn\u011b od The Bleachers &#8218;I Wanna Get Better&#8216;. \u0158ekl bych, \u017ee je to tak trochu o pos\u00edlen\u00ed \u010dlov\u011bka. M\u00edsto toho, aby byla p\u00edse\u0148 o st\u011b\u017eov\u00e1n\u00ed si, podporuje lidi v tom, aby p\u0159estali b\u00fdt smutn\u00ed.&#8220;<\/i><br \/>\n<center>&#8211; Chuck Comeau &#8211;<\/center><\/p><\/blockquote>\n<div class=\"girls\"><b><u>Text p\u00edsn\u011b<\/u><\/b><\/div>\n<p><center><br \/>\nNo, I don\u2019t wanna be sad<br \/>\nI don\u2019t wanna be sad, sad, sad no more<\/center><\/p>\n<p><center>It\u2019s been 28 days since I\u2019ve seen the sunshine<br \/>\nCause I just can\u2019t seem to lift this cloud away<br \/>\nI swear all the tears I\u2019ve cried could fill an ocean<br \/>\nI\u2019ve been swimming in a sea of misery<\/center><\/p>\n<p><center>I can\u2019t find the strength to leave this bed<br \/>\nI\u2019m locked up in my cuckoo head<br \/>\nI feel so low and I can\u2019t let go<br \/>\nI\u2019ve got all the symptoms all the signs<br \/>\nI tell my friends I\u2019ll be just fine<br \/>\nBut truth be told<br \/>\nIt\u2019s getting old<\/center><\/p>\n<p><center>No, I don\u2019t wanna be sad<br \/>\nI don\u2019t wanna be sad sad sad no more<br \/>\nAnd I know, some days will be bad<br \/>\nBut I don\u2019t wanna be sad sad sad no more<\/center><\/p>\n<p><center>I\u2019ve tried every pill the doctor will prescribe me<br \/>\nAnd I\u2019ve put myself through weeks of therapy<br \/>\nI\u2019ve tried meditation yoga and pilates<br \/>\nIt\u2019s like happiness just wasn\u2019t meant for me<\/center><\/p>\n<p><center>But I\u2019m through I\u2019m done I\u2019ve had enough<br \/>\nI\u2019ll ditch this funk I tell you what<br \/>\nJust watch me now<br \/>\nCause I won\u2019t back down<br \/>\nI\u2019ve got a bad ass personality<br \/>\nSo I just need to set it free<br \/>\nIt starts today I\u2019m on my way<\/center><\/p>\n<p><center>No, I don\u2019t wanna be sad<br \/>\nI don\u2019t wanna be sad sad sad no more<br \/>\nAnd I know, some days will be bad<br \/>\nBut I don\u2019t wanna be sad sad sad no more<\/center><\/p>\n<p><center>Oh, oh, oh<br \/>\nNo no no<br \/>\nI don\u2019t wanna be sad<br \/>\nOh, oh, oh<br \/>\nNo no no<br \/>\nI don\u2019t wanna be sad<br \/>\nOh, oh, oh<br \/>\nNo no no<br \/>\nI don\u2019t wanna be sad, sad, sad, sad, sad, sad<\/center><\/p>\n<p><center>No, I don\u2019t wanna be sad<br \/>\nI don\u2019t wanna be sad sad sad no more<br \/>\nAnd I know, some days will be bad<br \/>\nBut I don\u2019t wanna be sad sad sad no more<\/center><\/p>\n<p><center>No, I don\u2019t wanna be sad<br \/>\nI don\u2019t wanna be sad sad sad no more<br \/>\nAnd I know, some days will be bad<br \/>\nBut I don\u2019t wanna be sad sad sad no more<\/center><\/p>\n<p><center>No no no<br \/>\nI don\u2019t wanna be<br \/>\nNo no no<br \/>\nI don\u2019t wanna be<br \/>\nSad, sad, sad no more<\/center><\/p>\n<p><center>No no no<br \/>\nI don\u2019t wanna be<br \/>\nNo no no<br \/>\nI don\u2019t wanna be<br \/>\nSad, sad, sad no more<\/p>\n<p><\/center><\/p>\n<div class=\"girls\"><b><u>\u010cesk\u00fd p\u0159eklad<\/u><\/b><\/div>\n<p><center><br \/>\nNe, j\u00e1 nechci b\u00fdt smutn\u00fd,<br \/>\nU\u017e nechci, nechci b\u00fdt smutn\u00fd<\/center><\/p>\n<p><center>U\u017e je to 28 dn\u00ed, co jsem naposledy spat\u0159il slune\u010dn\u00ed svit<br \/>\nProto\u017ee prost\u011b nedok\u00e1\u017eu odsunout tenhle mrak nade mnou<br \/>\nP\u0159\u00edsah\u00e1m, \u017ee v\u0161echny tyto slzy, co jsem proplakal by dok\u00e1zaly vyplnit cel\u00fd oce\u00e1n<br \/>\nPlavu v mo\u0159i tr\u00e1pen\u00ed<\/center><\/p>\n<p><center>Nem\u016f\u017eu naj\u00edt s\u00edlu, abych vstal z t\u00e9hle postele<br \/>\nJsem zav\u0159en ve sv\u00e9 \u0161\u00edlen\u00e9 hlav\u011b<br \/>\nC\u00edt\u00edm se tak na dn\u011b a nem\u016f\u017eu se od toho oprostit<br \/>\nM\u00e1m v\u0161echny symptomy, v\u0161echny p\u0159\u00edznaky<br \/>\nSv\u00fdm p\u0159\u00e1tel\u016fm \u0159\u00edk\u00e1m, \u017ee budu v po\u0159\u00e1dku<br \/>\nAle abych \u0159ekl pravdu,<br \/>\nU\u017e je to trapn\u00e9.<\/center><\/p>\n<p><center>Ne, nechci b\u00fdt smutn\u00fd,<br \/>\nU\u017e nechci, nechci b\u00fdt smutn\u00fd.<br \/>\nA v\u00edm, \u017ee n\u011bkter\u00e9 dny budou zl\u00e9,<br \/>\nAle j\u00e1 u\u017e nechci, nechci b\u00fdt smutn\u00fd.<\/center><\/p>\n<p><center>Vyzkou\u0161el jsem v\u0161echny pr\u00e1\u0161ky, co mi doktor p\u0159edepsal,<br \/>\nA pro\u0161el jsem t\u00fddny terapie.<br \/>\nZkusil jsem meditaci, j\u00f3gu i pilates.<br \/>\nP\u0159ijde mi, jakoby mi prost\u011b nebylo souzeno b\u00fdt \u0161\u0165astn\u00fd.<\/center><\/p>\n<p><center>Ale j\u00e1 toho m\u00e1m dost, kon\u010d\u00edm.<br \/>\nKon\u010d\u00edm s touhle blbost\u00ed, to ti pov\u00edd\u00e1m.<br \/>\nSleduj m\u011b,<br \/>\nProto\u017ee j\u00e1 neustoup\u00edm.<br \/>\nM\u00e1m skv\u011blou osobnost<br \/>\nTak\u017ee ji jen mus\u00edm osvobodit<br \/>\nZa\u010d\u00edn\u00e1 to dnes, jsem na cest\u011b.<\/center><\/p>\n<p><center>Ne, nechci b\u00fdt smutn\u00fd,<br \/>\nU\u017e nechci, nechci b\u00fdt smutn\u00fd.<br \/>\nA v\u00edm, \u017ee n\u011bkter\u00e9 dny budou zl\u00e9,<br \/>\nAle j\u00e1 u\u017e nechci, nechci b\u00fdt smutn\u00fd.<\/center><\/p>\n<p><center>Oh, oh, oh<br \/>\nNe, ne, ne<br \/>\nNechci b\u00fdt smutn\u00fd.<br \/>\nOh, oh, oh<br \/>\nNe, ne, ne<br \/>\nNechci b\u00fdt smutn\u00fd.<br \/>\nOh, oh, oh<br \/>\nNe, ne, ne<br \/>\nNechci b\u00fdt smutn\u00fd, smutn\u00fd, smutn\u00fd, smutn\u00fd.<\/center><\/p>\n<p><center>Ne, nechci b\u00fdt smutn\u00fd,<br \/>\nU\u017e nechci, nechci b\u00fdt smutn\u00fd.<br \/>\nA v\u00edm, \u017ee n\u011bkter\u00e9 dny budou zl\u00e9,<br \/>\nAle j\u00e1 u\u017e nechci, nechci b\u00fdt smutn\u00fd.<\/center><\/p>\n<p><center>Ne, nechci b\u00fdt smutn\u00fd,<br \/>\nU\u017e nechci, nechci b\u00fdt smutn\u00fd.<br \/>\nA v\u00edm, \u017ee n\u011bkter\u00e9 dny budou zl\u00e9,<br \/>\nAle j\u00e1 u\u017e nechci, nechci b\u00fdt smutn\u00fd.<\/center><\/p>\n<p><center>Ne, ne, ne<br \/>\nNechci b\u00fdt smutn\u00fd.<br \/>\nNe, ne, ne<br \/>\nNechci b\u00fdt smutn\u00fd.<br \/>\nU\u017e nechci b\u00fdt smutn\u00fd.<\/center><\/p>\n<p><center>Ne, ne, ne<br \/>\nNechci b\u00fdt smutn\u00fd.<br \/>\nNe, ne, ne<br \/>\nNechci b\u00fdt smutn\u00fd.<br \/>\nU\u017e nechci b\u00fdt smutn\u00fd.<br \/>\n<\/center><\/p>\n<\/div>\n<div class=\"fblikebutton_button\" style=\"float: left; padding-top: 20px; margin-right: 20px; padding-bottom: 20px; padding-left: 20px;\"><iframe src=\"http:\/\/www.facebook.com\/plugins\/like.php?href=https%3A%2F%2Fwww.simpleplan.cz%2Fcz%2Findex.php%2Fkapela%2Fdiskografie%2Fi-dont-wanna-be-sad%2F&amp;layout=standard&amp;show-faces=false&amp;width=450&amp;action=like&amp;colorscheme=light\" scrolling=\"no\" frameborder=\"0\" allowTransparency=\"true\" style=\"border:none; overflow:hidden; width:450px; height:26px\"><\/iframe><\/div>\n","protected":false},"excerpt":{"rendered":"<p>Z\u00e1kladn\u00ed info Album: Taking One For The Team Auto\u0159i textu: Pierre Bouvier, Chuck Comeau D\u00e9lka<\/p>\n","protected":false},"author":5,"featured_media":0,"parent":5273,"menu_order":0,"comment_status":"open","ping_status":"open","template":"page-templates\/full-width.php","meta":{"footnotes":""},"yoast_head":"<!-- This site is optimized with the Yoast SEO plugin v20.9 - https:\/\/yoast.com\/wordpress\/plugins\/seo\/ -->\n<title>I Don&#039;t Wanna Be Sad | CZ: SimplePlan.cz<\/title>\n<meta name=\"robots\" content=\"index, follow, max-snippet:-1, max-image-preview:large, max-video-preview:-1\" \/>\n<link rel=\"canonical\" href=\"https:\/\/www.simpleplan.cz\/cz\/index.php\/kapela\/diskografie\/i-dont-wanna-be-sad\/\" \/>\n<meta property=\"og:locale\" content=\"cs_CZ\" \/>\n<meta property=\"og:type\" content=\"article\" \/>\n<meta property=\"og:title\" content=\"I Don&#039;t Wanna Be Sad | CZ: SimplePlan.cz\" \/>\n<meta property=\"og:description\" content=\"Z\u00e1kladn\u00ed info Album: Taking One For The Team Auto\u0159i textu: Pierre Bouvier, Chuck Comeau D\u00e9lka\" \/>\n<meta property=\"og:url\" content=\"https:\/\/www.simpleplan.cz\/cz\/index.php\/kapela\/diskografie\/i-dont-wanna-be-sad\/\" \/>\n<meta property=\"og:site_name\" content=\"CZ: SimplePlan.cz\" \/>\n<meta property=\"article:publisher\" content=\"http:\/\/www.facebook.com\/simpleplancz\" \/>\n<meta property=\"article:modified_time\" content=\"2023-06-26T07:29:56+00:00\" \/>\n<meta property=\"og:image\" content=\"http:\/\/www.simpleplan.cz\/cz\/wp-content\/uploads\/logo.gif\" \/>\n<meta name=\"twitter:card\" content=\"summary_large_image\" \/>\n<meta name=\"twitter:site\" content=\"@simpleplancz\" \/>\n<meta name=\"twitter:label1\" content=\"Odhadovan\u00e1 doba \u010dten\u00ed\" \/>\n\t<meta name=\"twitter:data1\" content=\"6 minut\" \/>\n<script type=\"application\/ld+json\" class=\"yoast-schema-graph\">{\"@context\":\"https:\/\/schema.org\",\"@graph\":[{\"@type\":\"WebPage\",\"@id\":\"https:\/\/www.simpleplan.cz\/cz\/index.php\/kapela\/diskografie\/i-dont-wanna-be-sad\/\",\"url\":\"https:\/\/www.simpleplan.cz\/cz\/index.php\/kapela\/diskografie\/i-dont-wanna-be-sad\/\",\"name\":\"I Don't Wanna Be Sad | CZ: SimplePlan.cz\",\"isPartOf\":{\"@id\":\"https:\/\/www.simpleplan.cz\/cz\/#website\"},\"datePublished\":\"2015-09-28T09:05:59+00:00\",\"dateModified\":\"2023-06-26T07:29:56+00:00\",\"breadcrumb\":{\"@id\":\"https:\/\/www.simpleplan.cz\/cz\/index.php\/kapela\/diskografie\/i-dont-wanna-be-sad\/#breadcrumb\"},\"inLanguage\":\"cs\",\"potentialAction\":[{\"@type\":\"ReadAction\",\"target\":[\"https:\/\/www.simpleplan.cz\/cz\/index.php\/kapela\/diskografie\/i-dont-wanna-be-sad\/\"]}]},{\"@type\":\"BreadcrumbList\",\"@id\":\"https:\/\/www.simpleplan.cz\/cz\/index.php\/kapela\/diskografie\/i-dont-wanna-be-sad\/#breadcrumb\",\"itemListElement\":[{\"@type\":\"ListItem\",\"position\":1,\"name\":\"Dom\u016f\",\"item\":\"https:\/\/www.simpleplan.cz\/cz\/\"},{\"@type\":\"ListItem\",\"position\":2,\"name\":\"Kapela\",\"item\":\"https:\/\/www.simpleplan.cz\/cz\/index.php\/kapela\/\"},{\"@type\":\"ListItem\",\"position\":3,\"name\":\"Diskografie\",\"item\":\"https:\/\/www.simpleplan.cz\/cz\/index.php\/kapela\/diskografie\/\"},{\"@type\":\"ListItem\",\"position\":4,\"name\":\"I Don&#8217;t Wanna Be Sad\"}]},{\"@type\":\"WebSite\",\"@id\":\"https:\/\/www.simpleplan.cz\/cz\/#website\",\"url\":\"https:\/\/www.simpleplan.cz\/cz\/\",\"name\":\"CZ: SimplePlan.cz\",\"description\":\"Nejlep\u0161\u00ed zdroj informac\u00ed o kapele Simple Plan\",\"publisher\":{\"@id\":\"https:\/\/www.simpleplan.cz\/cz\/#organization\"},\"potentialAction\":[{\"@type\":\"SearchAction\",\"target\":{\"@type\":\"EntryPoint\",\"urlTemplate\":\"https:\/\/www.simpleplan.cz\/cz\/?s={search_term_string}\"},\"query-input\":\"required name=search_term_string\"}],\"inLanguage\":\"cs\"},{\"@type\":\"Organization\",\"@id\":\"https:\/\/www.simpleplan.cz\/cz\/#organization\",\"name\":\"CZ: SimplePlan.cz\",\"url\":\"https:\/\/www.simpleplan.cz\/cz\/\",\"logo\":{\"@type\":\"ImageObject\",\"inLanguage\":\"cs\",\"@id\":\"https:\/\/www.simpleplan.cz\/cz\/#\/schema\/logo\/image\/\",\"url\":\"https:\/\/www.simpleplan.cz\/cz\/wp-content\/uploads\/spczlogo.png\",\"contentUrl\":\"https:\/\/www.simpleplan.cz\/cz\/wp-content\/uploads\/spczlogo.png\",\"width\":250,\"height\":190,\"caption\":\"CZ: SimplePlan.cz\"},\"image\":{\"@id\":\"https:\/\/www.simpleplan.cz\/cz\/#\/schema\/logo\/image\/\"},\"sameAs\":[\"http:\/\/www.facebook.com\/simpleplancz\",\"https:\/\/twitter.com\/simpleplancz\",\"http:\/\/www.instagram.com\/simpleplancz\",\"http:\/\/www.youtube.com\/simpleplancz\"]}]}<\/script>\n<!-- \/ Yoast SEO plugin. -->","yoast_head_json":{"title":"I Don't Wanna Be Sad | CZ: SimplePlan.cz","robots":{"index":"index","follow":"follow","max-snippet":"max-snippet:-1","max-image-preview":"max-image-preview:large","max-video-preview":"max-video-preview:-1"},"canonical":"https:\/\/www.simpleplan.cz\/cz\/index.php\/kapela\/diskografie\/i-dont-wanna-be-sad\/","og_locale":"cs_CZ","og_type":"article","og_title":"I Don't Wanna Be Sad | CZ: SimplePlan.cz","og_description":"Z\u00e1kladn\u00ed info Album: Taking One For The Team Auto\u0159i textu: Pierre Bouvier, Chuck Comeau D\u00e9lka","og_url":"https:\/\/www.simpleplan.cz\/cz\/index.php\/kapela\/diskografie\/i-dont-wanna-be-sad\/","og_site_name":"CZ: SimplePlan.cz","article_publisher":"http:\/\/www.facebook.com\/simpleplancz","article_modified_time":"2023-06-26T07:29:56+00:00","og_image":[{"url":"http:\/\/www.simpleplan.cz\/cz\/wp-content\/uploads\/logo.gif"}],"twitter_card":"summary_large_image","twitter_site":"@simpleplancz","twitter_misc":{"Odhadovan\u00e1 doba \u010dten\u00ed":"6 minut"},"schema":{"@context":"https:\/\/schema.org","@graph":[{"@type":"WebPage","@id":"https:\/\/www.simpleplan.cz\/cz\/index.php\/kapela\/diskografie\/i-dont-wanna-be-sad\/","url":"https:\/\/www.simpleplan.cz\/cz\/index.php\/kapela\/diskografie\/i-dont-wanna-be-sad\/","name":"I Don't Wanna Be Sad | CZ: SimplePlan.cz","isPartOf":{"@id":"https:\/\/www.simpleplan.cz\/cz\/#website"},"datePublished":"2015-09-28T09:05:59+00:00","dateModified":"2023-06-26T07:29:56+00:00","breadcrumb":{"@id":"https:\/\/www.simpleplan.cz\/cz\/index.php\/kapela\/diskografie\/i-dont-wanna-be-sad\/#breadcrumb"},"inLanguage":"cs","potentialAction":[{"@type":"ReadAction","target":["https:\/\/www.simpleplan.cz\/cz\/index.php\/kapela\/diskografie\/i-dont-wanna-be-sad\/"]}]},{"@type":"BreadcrumbList","@id":"https:\/\/www.simpleplan.cz\/cz\/index.php\/kapela\/diskografie\/i-dont-wanna-be-sad\/#breadcrumb","itemListElement":[{"@type":"ListItem","position":1,"name":"Dom\u016f","item":"https:\/\/www.simpleplan.cz\/cz\/"},{"@type":"ListItem","position":2,"name":"Kapela","item":"https:\/\/www.simpleplan.cz\/cz\/index.php\/kapela\/"},{"@type":"ListItem","position":3,"name":"Diskografie","item":"https:\/\/www.simpleplan.cz\/cz\/index.php\/kapela\/diskografie\/"},{"@type":"ListItem","position":4,"name":"I Don&#8217;t Wanna Be Sad"}]},{"@type":"WebSite","@id":"https:\/\/www.simpleplan.cz\/cz\/#website","url":"https:\/\/www.simpleplan.cz\/cz\/","name":"CZ: SimplePlan.cz","description":"Nejlep\u0161\u00ed zdroj informac\u00ed o kapele Simple Plan","publisher":{"@id":"https:\/\/www.simpleplan.cz\/cz\/#organization"},"potentialAction":[{"@type":"SearchAction","target":{"@type":"EntryPoint","urlTemplate":"https:\/\/www.simpleplan.cz\/cz\/?s={search_term_string}"},"query-input":"required name=search_term_string"}],"inLanguage":"cs"},{"@type":"Organization","@id":"https:\/\/www.simpleplan.cz\/cz\/#organization","name":"CZ: SimplePlan.cz","url":"https:\/\/www.simpleplan.cz\/cz\/","logo":{"@type":"ImageObject","inLanguage":"cs","@id":"https:\/\/www.simpleplan.cz\/cz\/#\/schema\/logo\/image\/","url":"https:\/\/www.simpleplan.cz\/cz\/wp-content\/uploads\/spczlogo.png","contentUrl":"https:\/\/www.simpleplan.cz\/cz\/wp-content\/uploads\/spczlogo.png","width":250,"height":190,"caption":"CZ: SimplePlan.cz"},"image":{"@id":"https:\/\/www.simpleplan.cz\/cz\/#\/schema\/logo\/image\/"},"sameAs":["http:\/\/www.facebook.com\/simpleplancz","https:\/\/twitter.com\/simpleplancz","http:\/\/www.instagram.com\/simpleplancz","http:\/\/www.youtube.com\/simpleplancz"]}]}},"_links":{"self":[{"href":"https:\/\/www.simpleplan.cz\/cz\/index.php\/wp-json\/wp\/v2\/pages\/17109"}],"collection":[{"href":"https:\/\/www.simpleplan.cz\/cz\/index.php\/wp-json\/wp\/v2\/pages"}],"about":[{"href":"https:\/\/www.simpleplan.cz\/cz\/index.php\/wp-json\/wp\/v2\/types\/page"}],"author":[{"embeddable":true,"href":"https:\/\/www.simpleplan.cz\/cz\/index.php\/wp-json\/wp\/v2\/users\/5"}],"replies":[{"embeddable":true,"href":"https:\/\/www.simpleplan.cz\/cz\/index.php\/wp-json\/wp\/v2\/comments?post=17109"}],"version-history":[{"count":10,"href":"https:\/\/www.simpleplan.cz\/cz\/index.php\/wp-json\/wp\/v2\/pages\/17109\/revisions"}],"predecessor-version":[{"id":33064,"href":"https:\/\/www.simpleplan.cz\/cz\/index.php\/wp-json\/wp\/v2\/pages\/17109\/revisions\/33064"}],"up":[{"embeddable":true,"href":"https:\/\/www.simpleplan.cz\/cz\/index.php\/wp-json\/wp\/v2\/pages\/5273"}],"wp:attachment":[{"href":"https:\/\/www.simpleplan.cz\/cz\/index.php\/wp-json\/wp\/v2\/media?parent=17109"}],"curies":[{"name":"wp","href":"https:\/\/api.w.org\/{rel}","templated":true}]}}